{"id":3015,"date":"2023-11-17T11:53:14","date_gmt":"2023-11-17T09:53:14","guid":{"rendered":"https:\/\/pereiraycao.es\/politica-de-privacidad-para-proveedores-en\/"},"modified":"2023-11-17T11:53:14","modified_gmt":"2023-11-17T09:53:14","slug":"politica-de-privacidad-para-proveedores-en","status":"publish","type":"page","link":"https:\/\/pereiraycao.es\/en\/politica-de-privacidad-para-proveedores-en\/","title":{"rendered":"Pol\u00edtica de privacidad para proveedores EN"},"content":{"rendered":"<p>En\u00a0<strong>PEREIRA HOSTELERIA, S.A<\/strong>\u00a0estamos comprometidos con el respeto y la privacidad de sus datos personales, para lo cual hemos adoptado unos s\u00f3lidos principios sobre protecci\u00f3n de datos personales.<\/p>\n<p>Como responsables del tratamiento recabamos y tratamos sus datos personales en relaci\u00f3n con nuestras actividades en el sector del Procesado, comercializaci\u00f3n y distribuci\u00f3n de pescados, crust\u00e1ceos y moluscos en Espa\u00f1a. El prop\u00f3sito de esta Aviso o Pol\u00edtica de Privacidad, es dar a conocer qu\u00e9 datos personales recogemos de nuestros\u00a0<strong>Proveedores<\/strong>, las razones por las que los utilizamos y compartimos, el tiempo que los mantenemos, cu\u00e1les son sus derechos y como pueden ejercerlos.<\/p>\n<p>De conformidad con lo establecido en el Reglamento (UE) 2016\/679 del Parlamento Europeo y del Consejo, de 27 de Abril, relativo a la protecci\u00f3n de las personas f\u00edsicas en lo que respecta al tratamiento de datos personales y a la libre circulaci\u00f3n de estos datos (en adelante Reglamento General de Protecci\u00f3n de Datos o RGPD), as\u00ed como lo dispuesto en la Ley Org\u00e1nica 3\/2018, de 5 de Diciembre, de Protecci\u00f3n de Datos Personales y Garant\u00eda de los Derechos Digitales (LOPDGDD), le proporcionamos la siguiente informaci\u00f3n:<\/p>\n<h3>1.- \u00bfQui\u00e9n es el Responsable del Tratamiento de sus Datos?<\/h3>\n<p><strong>PEREIRA HOSTELERIA, S.A<\/strong>, con CIF n\u00ba \u00a0A27707272 y domicilio social en Puerto Pesquero de Vigo, D\u00e1rsena 4, S\/N, 36202, Vigo, Pontevedra, Galicia, Espa\u00f1a (en adelante PEREIRA HOSTELERIA).<\/p>\n<p>Datos de contacto:<\/p>\n<ul>\n<li>Tlf.: +34 986 446 265 \u2013 Fax: +34 986 443 430.<\/li>\n<li><strong>Correo Electr\u00f3nico<\/strong>:\u00a0<a href=\"mailto:protecciondedatosppm@grupopereira.com\" target=\"_blank\" rel=\"noopener\">protecciondedatosppm@grupopereira.com<\/a><\/li>\n<\/ul>\n<h3>2.- \u00bfCon qu\u00e9 finalidad\/es tratamos sus datos personales?<\/h3>\n<p>PEREIRA HOSTELERIA, S.A trata la informaci\u00f3n que le facilitan los interesados, con las siguientes finalidades:<\/p>\n<ol type=\"a\">\n<li><span class=\"text-important-soft\">En caso de ser Ud, un Proveedor (persona f\u00edsica)<\/span>, con el fin de\n<ol>\n<li>Desarrollar la relaci\u00f3n comercial-contractual vinculante, incluida la consulta a sistemas de informaci\u00f3n sobre su situaci\u00f3n econ\u00f3mica y financiera con la finalidad de evaluar si tener las capacidades suficientes para cumplir con nuestras necesidades de negocio<\/li>\n<li>Para la correcta gesti\u00f3n administrativa, fiscal y contable.<\/li>\n<li>Durante toda la relaci\u00f3n comercial, para el mantenimiento de comunicaciones ordinarias.<\/li>\n<\/ol>\n<\/li>\n<li>En caso de ser un\u00a0<span class=\"text-important-soft\">empresario individual o persona f\u00edsica que trabaja, presta servicios o que mantenga alg\u00fan tipo de relaci\u00f3n contractual o interacci\u00f3n con nuestros Proveedores corporativos<\/span>\u00a0(personas jur\u00eddicas), podremos tratar sus datos de contacto y en su caso los relativos a la funci\u00f3n o puesto desempe\u00f1ado, en la medida que el tratamiento se refiera \u00fanicamente a los datos necesarios para su localizaci\u00f3n profesional y con la finalidad de mantener relaciones de cualquier \u00edndole con la persona jur\u00eddica en la que el interesado presta sus servicios.<\/li>\n<\/ol>\n<h3>3.- \u00bfQu\u00e9 datos personales o informaci\u00f3n tratamos?<\/h3>\n<p>Durante el establecimiento de la relaci\u00f3n comercial, podremos recoger, sea porque el Proveedor lo hubiese facilitado directamente o que nosotros hayamos solicitado, distintos tipos de datos personales, tales como:<\/p>\n<ul>\n<li>Datos de car\u00e1cter identificativo (por ej. nombre y apellidos, n\u00famero de DNI y\/o pasaporte, y en algunos casos copia del DNI en el que incluyen datos como: nacionalidad, lugar y fecha nacimiento, sexo, fotograf\u00eda, firma), c\u00f3digo identificativo del Proveedor.<\/li>\n<li>Informaci\u00f3n de contacto (por. Ej. direcci\u00f3n postal y direcci\u00f3n de correo electr\u00f3nico, n\u00famero de tel\u00e9fono fijo y\/o m\u00f3vil).<\/li>\n<li>Datos o condiciones comerciales<\/li>\n<li>Datos o condiciones de facturaci\u00f3n del Proveedor\/ formas y condiciones de pago.<\/li>\n<li>Datos bancarios, financieros (por ej. detalles de la cuenta bancaria).<\/li>\n<li>Datos transaccionales (productos o servicios suministrados por el proveedor).<\/li>\n<li>Datos acad\u00e9micos y profesionales.<\/li>\n<\/ul>\n<p>En caso de ser persona f\u00edsica que presta servicios para nuestros Proveedores personas jur\u00eddicas, podremos tratar sus datos de contacto (Nombre y Apellido, n\u00fameros de tel\u00e9fono, direcci\u00f3n de correo electr\u00f3nico) y en su caso los datos relativos a la funci\u00f3n o puesto desempe\u00f1ado.<\/p>\n<p>Nunca solicitamos ni tratamos Categor\u00edas especiales de datos, tales como ideolog\u00eda, opiniones pol\u00edticas, afiliaci\u00f3n sindical, religi\u00f3n, convicciones religiosas o filos\u00f3ficas, ni relativos a la comisi\u00f3n de infracciones penales o administrativas.<\/p>\n<h3>4.- \u00bfDe d\u00f3nde proceden sus datos?<\/h3>\n<p>Los datos que tratamos, pueden ser proporcionados\u00a0<span class=\"text-important-soft\">directamente por Ud<\/span>\u00a0al formalizar la contrataci\u00f3n y durante el desenvolvimiento de la misma o en ferias, actividades institucionales u otros eventos u obtenidos de otras fuentes para verificar o enriquecer nuestras bases de datos, tales como:<\/p>\n<ul>\n<li>Empresas del GRUPO PEREIRA, de conformidad con lo establecido en el considerando 47 del RGPD; Asimismo, podremos tratar datos o informaci\u00f3n facilitada por terceros, de conformidad con la normativa de protecci\u00f3n de datos. Esos datos pueden incluir informaci\u00f3n relativa a la calificaci\u00f3n comercial de nuestros Proveedores y\/o solvencia t\u00e9cnica y\/o profesional.<\/li>\n<li>Fuentes de informaci\u00f3n abiertas al p\u00fablico, como diarios y boletines oficiales, registros p\u00fablicos;<\/li>\n<\/ul>\n<h3>5.- \u00bfExiste obligaci\u00f3n de facilitar sus datos personales?<\/h3>\n<p>El tratamiento de los datos que se especifican en el punto 3 anterior, son necesarios para entablar y mantener la relaci\u00f3n contractual-comercial con PEREIRA HOSTELERIA, S.A. En el supuesto de que no facilite sus datos de car\u00e1cter personal no se podr\u00e1 ejecutar su contrato, cumplir las obligaciones legales aplicables.<\/p>\n<h3>6.- \u00bfPor qu\u00e9 y con qu\u00e9 legitimaci\u00f3n utilizamos sus datos personales?<\/h3>\n<p>La base legal que nos permite tratar sus datos personales depende de la finalidad para la que los tratemos, seg\u00fan se indica a continuaci\u00f3n:<\/p>\n<ul>\n<li><strong>Para la finalidad indicada en el apartado 2.a.1)<\/strong>\u00a0anterior, el tratamiento es necesario para la\u00a0<span class=\"text-important-soft\">ejecuci\u00f3n de un contrato<\/span>\u00a0en el que el interesado es parte o para la aplicaci\u00f3n a petici\u00f3n de este de medidas precontractuales (art. 6.1.b del RGPD), as\u00ed como el\u00a0<span class=\"text-important-soft\">inter\u00e9s leg\u00edtimo<\/span>\u00a0del Responsable del Tratamiento (art. 6.1.f RGPD), en lo relativo a las consultas que este pueda efectuar a entidades externas, relativas a la calificaci\u00f3n comercial-riesgos de nuestros Proveedores y\/o su solvencia t\u00e9cnica y\/o profesional.<\/li>\n<li><strong>Para la finalidad indicada en el apartado 2.a.2)<\/strong>\u00a0anterior, el tratamiento es necesario para la\u00a0<span class=\"text-important-soft\">ejecuci\u00f3n del contrato<\/span>\u00a0con el interesado (art. 6.1.b del RGPD) y para el\u00a0<span class=\"text-important-soft\">cumplimiento de obligaciones legales<\/span>\u00a0aplicables al responsable del tratamiento, tales como el cumplimiento de obligaciones legales a efectos mercantiles y fiscales establecidas en el C\u00f3digo Comercio y la Ley General Tributaria y\/o responder a un requerimiento oficial de una autoridad p\u00fablica o judicial debidamente autorizada, y\/o para la Gesti\u00f3n de la tramitaci\u00f3n de las peticiones de ejercicio de derechos en materia de protecci\u00f3n de datos, todo ello en virtud de lo establecido en el 6.1.c RGPD.<\/li>\n<li><strong>Para la finalidad indicada en el apartado 2.a.3<\/strong>, el tratamiento se fundamenta en el\u00a0<span class=\"text-important-soft\">inter\u00e9s leg\u00edtimo<\/span>\u00a0del Responsable del Tratamiento (art. 6.1.f RGPD) en mantener comunicaciones ordinarias con el Proveedor durante toda la relaci\u00f3n comercial.<\/li>\n<li><strong>Para la finalidad indicada en el apartado 2.c<\/strong>, la base de legitimaci\u00f3n para el tratamiento de datos de contacto de personas f\u00edsicas que prestan servicios en personas jur\u00eddicas o el tratamiento de empresarios individuales, se fundamenta en el\u00a0<span class=\"text-important-soft\">inter\u00e9s leg\u00edtimo<\/span>\u00a0del Responsable, en virtud de lo establecido en el art. 6.1.f del RGPD y el art. 20 de la Ley (ES) Org\u00e1nica de Protecci\u00f3n de Datos y Garant\u00eda de los Derechos Digitales (LOPDGDD).<\/li>\n<\/ul>\n<p>Asimismo, por inter\u00e9s leg\u00edtimo, podremos:<\/p>\n<ul>\n<li>Comunicar datos entre las entidades de PEREIRA HOSTELERIA, S.A, para fines administrativos internos, prevenci\u00f3n contra el fraude, control y reporte interno.<\/li>\n<li>Tratar sus datos (incluida su imagen) con fines Vigilancia y control de acceso a nuestras instalaciones por motivos de seguridad.<\/li>\n<\/ul>\n<h3>7.- \u00bf Utilizamos decisiones automatizadas?<\/h3>\n<p>Como regla general, no utilizamos decisiones automatizadas (incluida la elaboraci\u00f3n de perfiles) durante la vigencia de la relaci\u00f3n comercial, en el sentido del Art\u00edculo 22 del RGPD. Si en el futuro aplic\u00e1semos este tipo de procedimientos, informaremos individualmente a los interesados, de conformidad con las disposiciones legales aplicables.<\/p>\n<h3>8.- \u00bfPor cu\u00e1nto tiempo conservaremos sus datos?<\/h3>\n<p>Los datos que resulten necesarios para el desarrollo de la relaci\u00f3n contractual ser\u00e1n conservados por el tiempo estrictamente necesario para la ejecuci\u00f3n de la misma. Una vez finalizada la relaci\u00f3n contractual, los datos necesarios a efectos del cumplimiento de obligaciones legales (contables, fiscales, prevenci\u00f3n de delitos), ser\u00e1n conservados durante un plazo de seis a\u00f1os y diez a\u00f1os respectivamente.<\/p>\n<p>Los datos facilitados que resulten necesarios para el env\u00edo de comunicaciones ordinarias, ser\u00e1n conservados mientras persista un inter\u00e9s leg\u00edtimo del responsable y no manifestando el interesado su oposici\u00f3n al tratamiento de los mismos.<\/p>\n<h3>9.- \u00bf Con qui\u00e9n\/es compartimos sus datos personales?<\/h3>\n<p>Por regla general, sus datos personales no ser\u00e1n comunicados a terceros, excepto cuando la cesi\u00f3n est\u00e9 autorizada por ley o sea necesaria para dar cumplimiento a una obligaci\u00f3n legal, incluyendo la cesi\u00f3n a las autoridades competentes (ej. Administraci\u00f3n Tributaria), Jueces y Tribunales o cuando sea necesario para el cumplimiento de la relaci\u00f3n contractual.<\/p>\n<p>Asimismo para cumplir con las finalidades anteriormente mencionadas, sus datos podr\u00e1n ser comunicados:<\/p>\n<ul>\n<li>A bancos, cajas de ahorro y cajas rurales.<\/li>\n<li>Entre las empresas que conforman GRUPO PEREIRA, para fines administrativos internos, prevenci\u00f3n contra el fraude, control y reporte interno, cumplimiento de obligaciones legales.<\/li>\n<li>Agencias o entidades que monitorizan la situaci\u00f3n financiera de empresas<\/li>\n<li>A Empresas que nos prestan servicios en funci\u00f3n de un contrato de tratamiento de datos personales. Dentro de estos prestadores de servicios, se encuentran, a t\u00edtulo enunciativo, entidades tales como:\n<ul>\n<li>Proveedores y colaboradores de servicios de mensajer\u00eda, log\u00edstica, transporte de mercanc\u00edas.<\/li>\n<li>Profesionales colegiados como abogados, notarios o auditores;<\/li>\n<li>Cualquier otra entidad prestadora de servicios en virtud de un contrato firmado donde est\u00e1n establecidas las condiciones de confidencialidad, seguridad, integridad y destino de los datos personales.<\/li>\n<\/ul>\n<\/li>\n<\/ul>\n<h3>10.- Transferencias Internacionales de Datos<\/h3>\n<p>En el caso de tener que efectuar transferencias internacionales, es decir comunicaci\u00f3n de datos personales desde el territorio espa\u00f1ol a destinatarios establecidos en pa\u00edses fuera del Espacio Econ\u00f3mico Europeo- EEE (los pa\u00edses de la Uni\u00f3n Europea m\u00e1s Liechtenstein, Islandia y Noruega), la Comisi\u00f3n Europea ha reconocido que determinados pa\u00edses no pertenecientes al EEE proporcionan un nivel adecuado de protecci\u00f3n de datos, por lo que sus datos se podr\u00e1n transferir con las garant\u00edas adecuadas que ofrece esta base legitimadora para el tratamiento de sus datos. (Informaci\u00f3n disponible en\u00a0<a href=\"https:\/\/www.aepd.es\/reglamento\/cumplimiento\/transferencias-internacionales.html\" target=\"_blank\" rel=\"noopener\">https:\/\/www.aepd.es\/reglamento\/cumplimiento\/transferencias-internacionales.html<\/a>).<\/p>\n<p>En el caso de las transferencias a pa\u00edses no pertenecientes al EEE, cuyo nivel de protecci\u00f3n no haya sido reconocido por la Comisi\u00f3n Europea, recurriremos, en caso de ser necesario, a otras bases legitimadoras que establece el RGPD, (por ejemplo si la transferencia es necesaria para ejecutar el contrato con el Proveedor).<\/p>\n<h3>11.- \u00bf Cu\u00e1les son sus derechos cuando nos facilita sus datos?<\/h3>\n<p>El interesado tiene derecho a obtener informaci\u00f3n sobre si PEREIRA HOSTELERIA, S.A est\u00e1 tratando los datos personales que le conciernen o no y, en tal caso, a ejercer su\u00a0<span class=\"text-important-soft\">derecho de acceso<\/span>\u00a0a los datos personales y a la siguiente informaci\u00f3n:<\/p>\n<ol type=\"a\">\n<li>los fines del tratamiento.<\/li>\n<li>las categor\u00edas de datos personales de que se trate.<\/li>\n<li>los destinatarios o las categor\u00edas de destinatarios a los que se comunicaron o ser\u00e1n comunicados los datos personales, en particular destinatarios en terceros u organizaciones internacionales.<\/li>\n<li>de ser posible, el plazo previsto de conservaci\u00f3n de los datos personales o, de no ser posible, los criterios utilizados para determinar este plazo.<\/li>\n<li>la existencia del derecho a solicitar del responsable la rectificaci\u00f3n o supresi\u00f3n de datos personales o la limitaci\u00f3n del tratamiento de datos personales relativos al interesado, o a oponerse a dicho tratamiento.<\/li>\n<li>el derecho a presentar una reclamaci\u00f3n ante una autoridad de control.<\/li>\n<\/ol>\n<p>Asimismo, usted tiene derecho a solicitar\u00a0<span class=\"text-important-soft\">la rectificaci\u00f3n<\/span>\u00a0de los datos inexactos o, en su caso, a solicitar\u00a0<span class=\"text-important-soft\">la supresi\u00f3n<\/span>\u00a0de los mismos cuando, entre otros motivos, los datos ya no sean necesarios para los fines que fueron recogidos o cuando usted decida retirar el consentimiento en que se hubiera basado el tratamiento hasta la fecha.<\/p>\n<p>Las personas interesadas podr\u00e1n adem\u00e1s solicitar\u00a0<span class=\"text-important-soft\">la limitaci\u00f3n del tratamiento de los datos<\/span>\u00a0de los interesados, en cuyo caso \u00fanicamente ser\u00e1n conservados por PEREIRA HOSTELERIA, S.A para el ejercicio o la defensa de reclamaciones.<\/p>\n<p>PEREIRA HOSTELERIA, S.A dejar\u00e1 de tratar sus datos siempre que usted lleve a cabo\u00a0<span class=\"text-important-soft\">la oposici\u00f3n<\/span>\u00a0a dicho tratamiento, salvo por motivos leg\u00edtimos imperiosos, o por el ejercicio o la defensa de posibles reclamaciones.<\/p>\n<p>Finalmente, y en ejercicio de su\u00a0<span class=\"text-important-soft\">derecho a la portabilidad de los datos<\/span>, usted podr\u00e1 recibir los datos personales que hubiera proporcionado a PEREIRA HOSTELERIA, S.A, en un formato estructurado, de uso com\u00fan y legible por m\u00e1quina, as\u00ed como a solicitar que se transmitan a otra entidad responsable del tratamiento, en la medida que ello sea t\u00e9cnicamente posible.<\/p>\n<h3>12.- \u00bfC\u00f3mo puede ejercer materialmente estos derechos?<\/h3>\n<p>Usted podr\u00e1 ejercer materialmente los derechos descritos en el apartado anterior solicitando el correspondiente formulario a la direcci\u00f3n de correo electr\u00f3nico\u00a0<a href=\"mailto:protecciondedatosppm@grupopereira.com\" target=\"_blank\" rel=\"noopener\">protecciondedatosppm@grupopereira.com<\/a>\u00a0o en la direcci\u00f3n postal: Puerto Pesquero de Vigo, D\u00e1rsena 4, S\/N, 36202, Vigo, Pontevedra (Att. Direcci\u00f3n de Administraci\u00f3n).<\/p>\n<p>Asimismo para el ejercicio de derechos, puede utilizar esta\u00a0<a href=\"https:\/\/pereiraycao.es\/pdf\/Pereira-Hosteleira-%20Formulario-Solicitud-de-ejercicio-de-derechos-del-interesado.pdf\" target=\"_blank\" rel=\"noopener\">Solicitud<\/a>.<\/p>\n<p>Adicionalmente, le informamos que usted podr\u00e1 solicitar informaci\u00f3n en todo momento acerca del ejercicio de los derechos que le incumben ante la Agencia Espa\u00f1ola de Protecci\u00f3n de Datos. En caso de que el ejercicio de sus derechos no hubiera sido atendido o satisfecho correctamente, le informamos de que usted podr\u00e1 presentar la correspondiente reclamaci\u00f3n ante la Agencia Espa\u00f1ola de Protecci\u00f3n de Datos,\u00a0<a href=\"https:\/\/www.aepd.es\/\" target=\"_blank\" rel=\"noopener\">www.aepd.es<\/a>.<\/p>\n","protected":false},"excerpt":{"rendered":"<p>En\u00a0PEREIRA HOSTELERIA, S.A\u00a0estamos comprometidos con el respeto y la privacidad de sus datos personales, para lo cual hemos adoptado unos s\u00f3lidos principios sobre protecci\u00f3n de datos personales. Como responsables del tratamiento recabamos y tratamos sus datos personales en relaci\u00f3n con nuestras actividades en el sector del Procesado, comercializaci\u00f3n y distribuci\u00f3n de pescados, crust\u00e1ceos y moluscos&#8230;<\/p>\n","protected":false},"author":1,"featured_media":0,"parent":0,"menu_order":0,"comment_status":"closed","ping_status":"closed","template":"","meta":{"_acf_changed":false,"inline_featured_image":false,"footnotes":""},"class_list":["post-3015","page","type-page","status-publish","hentry"],"acf":[],"yoast_head":"<!-- This site is optimized with the Yoast SEO plugin v27.5 - https:\/\/yoast.com\/product\/yoast-seo-wordpress\/ -->\n<title>Pol\u00edtica de privacidad para proveedores EN - Pereira y Cao<\/title>\n<meta name=\"description\" content=\"En\u00a0PEREIRA HOSTELERIA, S.A\u00a0estamos comprometidos con el respeto y la privacidad de sus datos personales, para lo cual hemos adoptado unos s\u00f3lidos\" \/>\n<meta name=\"robots\" content=\"index, follow, max-snippet:-1, max-image-preview:large, max-video-preview:-1\" \/>\n<link rel=\"canonical\" href=\"https:\/\/pereiraycao.es\/politica-de-privacidad-para-proveedores-en\/\" \/>\n<meta property=\"og:locale\" content=\"en_US\" \/>\n<meta property=\"og:type\" content=\"article\" \/>\n<meta property=\"og:title\" content=\"Pol\u00edtica de privacidad para proveedores EN - Pereira y Cao\" \/>\n<meta property=\"og:description\" content=\"En\u00a0PEREIRA HOSTELERIA, S.A\u00a0estamos comprometidos con el respeto y la privacidad de sus datos personales, para lo cual hemos adoptado unos s\u00f3lidos\" \/>\n<meta property=\"og:url\" content=\"https:\/\/pereiraycao.es\/politica-de-privacidad-para-proveedores-en\/\" \/>\n<meta property=\"og:site_name\" content=\"Pereira y Cao\" \/>\n<meta name=\"twitter:card\" content=\"summary_large_image\" \/>\n<meta name=\"twitter:label1\" content=\"Est. reading time\" \/>\n\t<meta name=\"twitter:data1\" content=\"12 minutes\" \/>\n<script type=\"application\/ld+json\" class=\"yoast-schema-graph\">{\"@context\":\"https:\\\/\\\/schema.org\",\"@graph\":[{\"@type\":\"WebPage\",\"@id\":\"https:\\\/\\\/pereiraycao.es\\\/politica-de-privacidad-para-proveedores-en\\\/\",\"url\":\"https:\\\/\\\/pereiraycao.es\\\/politica-de-privacidad-para-proveedores-en\\\/\",\"name\":\"Pol\u00edtica de privacidad para proveedores EN - Pereira y Cao\",\"isPartOf\":{\"@id\":\"https:\\\/\\\/pereiraycao.es\\\/#website\"},\"datePublished\":\"2023-11-17T09:53:14+00:00\",\"description\":\"En\u00a0PEREIRA HOSTELERIA, S.A\u00a0estamos comprometidos con el respeto y la privacidad de sus datos personales, para lo cual hemos adoptado unos s\u00f3lidos\",\"breadcrumb\":{\"@id\":\"https:\\\/\\\/pereiraycao.es\\\/politica-de-privacidad-para-proveedores-en\\\/#breadcrumb\"},\"inLanguage\":\"en-US\",\"potentialAction\":[{\"@type\":\"ReadAction\",\"target\":[\"https:\\\/\\\/pereiraycao.es\\\/politica-de-privacidad-para-proveedores-en\\\/\"]}]},{\"@type\":\"BreadcrumbList\",\"@id\":\"https:\\\/\\\/pereiraycao.es\\\/politica-de-privacidad-para-proveedores-en\\\/#breadcrumb\",\"itemListElement\":[{\"@type\":\"ListItem\",\"position\":1,\"name\":\"Portada\",\"item\":\"https:\\\/\\\/pereiraycao.es\\\/en\\\/\"},{\"@type\":\"ListItem\",\"position\":2,\"name\":\"Pol\u00edtica de privacidad para proveedores EN\"}]},{\"@type\":\"WebSite\",\"@id\":\"https:\\\/\\\/pereiraycao.es\\\/#website\",\"url\":\"https:\\\/\\\/pereiraycao.es\\\/\",\"name\":\"Pereira y Cao\",\"description\":\"\",\"potentialAction\":[{\"@type\":\"SearchAction\",\"target\":{\"@type\":\"EntryPoint\",\"urlTemplate\":\"https:\\\/\\\/pereiraycao.es\\\/?s={search_term_string}\"},\"query-input\":{\"@type\":\"PropertyValueSpecification\",\"valueRequired\":true,\"valueName\":\"search_term_string\"}}],\"inLanguage\":\"en-US\"}]}<\/script>\n<!-- \/ Yoast SEO plugin. -->","yoast_head_json":{"title":"Pol\u00edtica de privacidad para proveedores EN - Pereira y Cao","description":"En\u00a0PEREIRA HOSTELERIA, S.A\u00a0estamos comprometidos con el respeto y la privacidad de sus datos personales, para lo cual hemos adoptado unos s\u00f3lidos","robots":{"index":"index","follow":"follow","max-snippet":"max-snippet:-1","max-image-preview":"max-image-preview:large","max-video-preview":"max-video-preview:-1"},"canonical":"https:\/\/pereiraycao.es\/politica-de-privacidad-para-proveedores-en\/","og_locale":"en_US","og_type":"article","og_title":"Pol\u00edtica de privacidad para proveedores EN - Pereira y Cao","og_description":"En\u00a0PEREIRA HOSTELERIA, S.A\u00a0estamos comprometidos con el respeto y la privacidad de sus datos personales, para lo cual hemos adoptado unos s\u00f3lidos","og_url":"https:\/\/pereiraycao.es\/politica-de-privacidad-para-proveedores-en\/","og_site_name":"Pereira y Cao","twitter_card":"summary_large_image","twitter_misc":{"Est. reading time":"12 minutes"},"schema":{"@context":"https:\/\/schema.org","@graph":[{"@type":"WebPage","@id":"https:\/\/pereiraycao.es\/politica-de-privacidad-para-proveedores-en\/","url":"https:\/\/pereiraycao.es\/politica-de-privacidad-para-proveedores-en\/","name":"Pol\u00edtica de privacidad para proveedores EN - Pereira y Cao","isPartOf":{"@id":"https:\/\/pereiraycao.es\/#website"},"datePublished":"2023-11-17T09:53:14+00:00","description":"En\u00a0PEREIRA HOSTELERIA, S.A\u00a0estamos comprometidos con el respeto y la privacidad de sus datos personales, para lo cual hemos adoptado unos s\u00f3lidos","breadcrumb":{"@id":"https:\/\/pereiraycao.es\/politica-de-privacidad-para-proveedores-en\/#breadcrumb"},"inLanguage":"en-US","potentialAction":[{"@type":"ReadAction","target":["https:\/\/pereiraycao.es\/politica-de-privacidad-para-proveedores-en\/"]}]},{"@type":"BreadcrumbList","@id":"https:\/\/pereiraycao.es\/politica-de-privacidad-para-proveedores-en\/#breadcrumb","itemListElement":[{"@type":"ListItem","position":1,"name":"Portada","item":"https:\/\/pereiraycao.es\/en\/"},{"@type":"ListItem","position":2,"name":"Pol\u00edtica de privacidad para proveedores EN"}]},{"@type":"WebSite","@id":"https:\/\/pereiraycao.es\/#website","url":"https:\/\/pereiraycao.es\/","name":"Pereira y Cao","description":"","potentialAction":[{"@type":"SearchAction","target":{"@type":"EntryPoint","urlTemplate":"https:\/\/pereiraycao.es\/?s={search_term_string}"},"query-input":{"@type":"PropertyValueSpecification","valueRequired":true,"valueName":"search_term_string"}}],"inLanguage":"en-US"}]}},"_links":{"self":[{"href":"https:\/\/pereiraycao.es\/en\/wp-json\/wp\/v2\/pages\/3015","targetHints":{"allow":["GET"]}}],"collection":[{"href":"https:\/\/pereiraycao.es\/en\/wp-json\/wp\/v2\/pages"}],"about":[{"href":"https:\/\/pereiraycao.es\/en\/wp-json\/wp\/v2\/types\/page"}],"author":[{"embeddable":true,"href":"https:\/\/pereiraycao.es\/en\/wp-json\/wp\/v2\/users\/1"}],"replies":[{"embeddable":true,"href":"https:\/\/pereiraycao.es\/en\/wp-json\/wp\/v2\/comments?post=3015"}],"version-history":[{"count":0,"href":"https:\/\/pereiraycao.es\/en\/wp-json\/wp\/v2\/pages\/3015\/revisions"}],"wp:attachment":[{"href":"https:\/\/pereiraycao.es\/en\/wp-json\/wp\/v2\/media?parent=3015"}],"curies":[{"name":"wp","href":"https:\/\/api.w.org\/{rel}","templated":true}]}}